{"id":3900,"date":"2019-04-11T19:03:14","date_gmt":"2019-04-11T19:03:14","guid":{"rendered":"https:\/\/kindertrauer-undmehr.at\/?page_id=3900"},"modified":"2025-10-13T19:11:27","modified_gmt":"2025-10-13T19:11:27","slug":"veranstaltungen","status":"publish","type":"page","link":"https:\/\/kindertrauer-undmehr.at\/index.php\/veranstaltungen\/","title":{"rendered":"Veranstaltungen"},"content":{"rendered":"<section class=\"wpb-content-wrapper\"><p>[vc_row][vc_column width=&#8220;1\/2&#8243;][vc_column_text]<\/p>\n<h4><span style=\"color: #008f83;\"><span style=\"color: #ff0000;\">AKTUELLE <strong>\u00a0<\/strong><\/span><\/span><span style=\"color: #ff0000;\">VERANSTALTUNGEN 2025<br \/>\n<\/span><\/h4>\n<p>19.9.-22.11. 2025 &#8211; Weiterbildung St. P\u00f6lten<br \/>\n<strong><span style=\"color: #339966;\">Lehrgang f\u00fcr Familientrauer\u00a0<\/span><\/strong><br \/>\n(siehe Infobutton rechts)<br \/>\n_______________<\/p>\n<p>29.9.-13.10.2025 &#8211; Gespr\u00e4chskreise Frauenzentrum St. P\u00f6lten<br \/>\n<span style=\"color: #339966;\"><strong>Gest\u00e4rkt in der Trauer &#8211; Stark aus der Trauer<\/strong><\/span><br \/>\n<a href=\"https:\/\/www.frauen-zentrum.at\/angebot\">https:\/\/www.frauen-zentrum.at\/angebot<\/a><\/p>\n<p>_______________<\/p>\n<p>30.9. 2025 \u00a0&#8211; Vortrag Hospizverein Melk<br \/>\n<span style=\"color: #339966;\"><strong>Wenn die Trauer einzieht\u2026.<\/strong><\/span><br \/>\nEin Abendvortrag \u00fcber Herausforderungen, Orientierung, und hilfreiche Angebote<br \/>\n<a href=\"https:\/\/www.hospiz-melk.at\/\">https:\/\/www.hospiz-melk.at\/<\/a><\/p>\n<p>_______________<\/p>\n<p>3.-4. 10. 2025\u00a0 &#8211; Workshop Hospizakademie Ried<br \/>\n<strong><span style=\"color: #339966;\">SUIZIDTrauer \u2013 (K)eine Trauer wie jede andere<\/span><br \/>\n<\/strong><a href=\"https:\/\/www.bhsried.at\/fileadmin\/user_upload\/bhs_ried\/Infoblatt_WorkshopSuizid_10-2025.pdf\">https:\/\/www.bhsried.at\/fileadmin\/user_upload\/bhs_ried\/Infoblatt_WorkshopSuizid_10-2025.pdf<\/a><\/p>\n<p>_______________<\/p>\n<p>14.-15. 11. 2025 \u2013 Vortrag und Workshop B. v. Suttner Universit\u00e4t St. P\u00f6lten<strong><br \/>\n<span style=\"color: #339966;\">Miese Tage und neue Zuversicht<\/span><\/strong><br \/>\n<a href=\"https:\/\/suttneruni.at\/sites\/default\/files\/2025-06\/Programm_Suttnertage_2025.pdf\">https:\/\/suttneruni.at\/sites\/default\/files\/2025-06\/Programm_Suttnertage_2025.pdf<\/a><\/p>\n<h4><span style=\"color: #ff0000;\">VERANSTALTUNGEN 2026<\/span><\/h4>\n<p>6.-7. M\u00e4rz 2025 \u2013 Workshop St. P\u00f6lten<br \/>\n<em>\u201eund dann hat Papa sich tot gemacht ?!\u201c, Theo, 6 Jahre<br \/>\n<\/em><strong><span style=\"color: #339966;\">Suizid als eine M\u00f6glichkeit menschlichen Handelns<\/span> <\/strong><\/p>\n<p><a href=\"https:\/\/kindertrauer-undmehr.at\/wp-content\/uploads\/2025\/08\/Suizidtrauer-1-Ausschreibung-2026.pdf\">zum PDF<\/a><\/p>\n<p>_______________<\/p>\n<p>20.-21. M\u00e4rz \u2013 Workshop St. P\u00f6lten<br \/>\n<em>\u201ees war kein Unfall, sie hatte so eine komische Krankheit im Kopf!\u201c, Valerie 11 Jahre<\/em><strong><br \/>\n<\/strong><span style=\"color: #339966;\"><strong>SUIZIDTrauer \u2013 (K)eine Trauer wie jede andere<\/strong><\/span><\/p>\n<p><a href=\"https:\/\/kindertrauer-undmehr.at\/wp-content\/uploads\/2025\/08\/Suizidtrauer-2-Ausschreibung-2026.pdf\">zum PDF<\/a><\/p>\n<p>_______________<\/p>\n<p>17.-18. April \u2013Workshop \u00a0St. P\u00f6lten<br \/>\n<span style=\"color: #339966;\"><strong>\u201eWeint Batman auch? (Timo, 5 Jahre, Grasbei\u00dferbande)<\/strong><\/span><\/p>\n<p><a href=\"https:\/\/kindertrauer-undmehr.at\/wp-content\/uploads\/2025\/08\/Ausschreibung-Batman-2026.pdf\">zum PDF<\/a><\/p>\n<p>_______________<\/p>\n<p>18.9. \u2013 21.11. \u2013 Weiterbildung St. P\u00f6lten<\/p>\n<p><span style=\"color: #339966;\"><strong>Lehrgang f\u00fcr Familientrauer<\/strong><\/span><\/p>\n<p>(siehe Infobutton rechts)<\/p>\n<p>&nbsp;<\/p>\n<p>&nbsp;<\/p>\n<p>Aktuelle \u00f6ffentliche Vortr\u00e4ge und Workshops werden laufend und wiederholt in den NEWS meiner Homepage sowie auf meiner Facebookseite und Instagram angek\u00fcndigt.<br \/>\nWenn Sie als Team, Institution oder Verein Interesse an einem Vortrag und\/oder Workshop \u00a0mit mir haben, rufen Sie mich an oder schreiben Sie mir\u00a0<span style=\"color: #ff6600;\"><br \/>\n<\/span><span style=\"color: #ff6600;\">Ich freue mich \u00fcber Ihre Anfrage!<\/span><br \/>\n<strong><span style=\"color: #3366ff;\">elke.kohl@kindertrauer-undmehr.at<\/span><\/strong>[\/vc_column_text][\/vc_column][vc_column width=&#8220;1\/2&#8243;][vc_single_image image=&#8220;4829&#8243; img_size=&#8220;large&#8220; add_caption=&#8220;yes&#8220; alignment=&#8220;right&#8220;][\/vc_column][\/vc_row]<\/p>\n<\/section>","protected":false},"excerpt":{"rendered":"<p>[vc_row][vc_column width=&#8220;1\/2&#8243;][vc_column_text] AKTUELLE \u00a0VERANSTALTUNGEN 2025 19.9.-22.11. 2025 &#8211; Weiterbildung St. P\u00f6lten Lehrgang f\u00fcr Familientrauer\u00a0 (siehe Infobutton rechts) _______________ 29.9.-13.10.2025 &#8211; Gespr\u00e4chskreise Frauenzentrum St. P\u00f6lten Gest\u00e4rkt in der Trauer &#8211; Stark aus der Trauer https:\/\/www.frauen-zentrum.at\/angebot _______________ 30.9. 2025 \u00a0&#8211; Vortrag Hospizverein Melk Wenn die Trauer einzieht\u2026. Ein Abendvortrag \u00fcber Herausforderungen, Orientierung, und hilfreiche Angebote https:\/\/www.hospiz-melk.at\/ _______________ &hellip; <a href=\"https:\/\/kindertrauer-undmehr.at\/index.php\/veranstaltungen\/\" class=\"more-link\">Continue reading <span class=\"screen-reader-text\">Veranstaltungen<\/span><\/a><\/p>\n","protected":false},"author":1,"featured_media":0,"parent":0,"menu_order":0,"comment_status":"closed","ping_status":"closed","template":"","meta":{"footnotes":""},"class_list":["post-3900","page","type-page","status-publish","hentry"],"aioseo_notices":[],"aioseo_head":"\n\t\t<!-- All in One SEO 5.0.0.1 - aioseo.com -->\n\t<meta name=\"description\" content=\"Als Familientrauerbegleiterin biete ich Unterst\u00fctzungsm\u00f6glichkeiten f\u00fcr Einzelpersonen, die von Trauer betroffen sind und leite Trauergruppen.\" \/>\n\t<meta name=\"robots\" content=\"max-image-preview:large\" \/>\n\t<link rel=\"canonical\" href=\"https:\/\/kindertrauer-undmehr.at\/index.php\/veranstaltungen\/\" \/>\n\t<meta name=\"generator\" content=\"All in One SEO (AIOSEO) 5.0.0.1\" \/>\n\t\t<meta property=\"og:locale\" content=\"de_DE\" \/>\n\t\t<meta property=\"og:site_name\" content=\"Elke Kohl | Kinder-Jugend-Familientrauerbegleitung\" \/>\n\t\t<meta property=\"og:type\" content=\"article\" \/>\n\t\t<meta property=\"og:title\" content=\"Vortr\u00e4ge Trauerbew\u00e4ltigung | Elke Kohl\" \/>\n\t\t<meta property=\"og:description\" content=\"Als Familientrauerbegleiterin biete ich Unterst\u00fctzungsm\u00f6glichkeiten f\u00fcr Einzelpersonen, die von Trauer betroffen sind und leite Trauergruppen.\" \/>\n\t\t<meta property=\"og:url\" content=\"https:\/\/kindertrauer-undmehr.at\/index.php\/veranstaltungen\/\" \/>\n\t\t<meta property=\"article:published_time\" content=\"2019-04-11T19:03:14+00:00\" \/>\n\t\t<meta property=\"article:modified_time\" content=\"2025-10-13T19:11:27+00:00\" \/>\n\t\t<meta name=\"twitter:card\" content=\"summary\" \/>\n\t\t<meta name=\"twitter:title\" content=\"Vortr\u00e4ge Trauerbew\u00e4ltigung | Elke Kohl\" \/>\n\t\t<meta name=\"twitter:description\" content=\"Als Familientrauerbegleiterin biete ich Unterst\u00fctzungsm\u00f6glichkeiten f\u00fcr Einzelpersonen, die von Trauer betroffen sind und leite Trauergruppen.\" \/>\n\t\t<script type=\"application\/ld+json\" class=\"aioseo-schema\">\n\t\t\t{\"@context\":\"https:\\\/\\\/schema.org\",\"@graph\":[{\"@type\":\"BreadcrumbList\",\"@id\":\"https:\\\/\\\/kindertrauer-undmehr.at\\\/index.php\\\/veranstaltungen\\\/#breadcrumblist\",\"itemListElement\":[{\"@type\":\"ListItem\",\"@id\":\"https:\\\/\\\/kindertrauer-undmehr.at#listItem\",\"position\":1,\"name\":\"Home\",\"item\":\"https:\\\/\\\/kindertrauer-undmehr.at\",\"nextItem\":{\"@type\":\"ListItem\",\"@id\":\"https:\\\/\\\/kindertrauer-undmehr.at\\\/index.php\\\/veranstaltungen\\\/#listItem\",\"name\":\"Veranstaltungen\"}},{\"@type\":\"ListItem\",\"@id\":\"https:\\\/\\\/kindertrauer-undmehr.at\\\/index.php\\\/veranstaltungen\\\/#listItem\",\"position\":2,\"name\":\"Veranstaltungen\",\"previousItem\":{\"@type\":\"ListItem\",\"@id\":\"https:\\\/\\\/kindertrauer-undmehr.at#listItem\",\"name\":\"Home\"}}]},{\"@type\":\"Organization\",\"@id\":\"https:\\\/\\\/kindertrauer-undmehr.at\\\/#organization\",\"name\":\"Elke Kohl\",\"description\":\"Kinder-Jugend-Familientrauerbegleitung\",\"url\":\"https:\\\/\\\/kindertrauer-undmehr.at\\\/\"},{\"@type\":\"WebPage\",\"@id\":\"https:\\\/\\\/kindertrauer-undmehr.at\\\/index.php\\\/veranstaltungen\\\/#webpage\",\"url\":\"https:\\\/\\\/kindertrauer-undmehr.at\\\/index.php\\\/veranstaltungen\\\/\",\"name\":\"Vortr\\u00e4ge Trauerbew\\u00e4ltigung | Elke Kohl\",\"description\":\"Als Familientrauerbegleiterin biete ich Unterst\\u00fctzungsm\\u00f6glichkeiten f\\u00fcr Einzelpersonen, die von Trauer betroffen sind und leite Trauergruppen.\",\"inLanguage\":\"de-DE\",\"isPartOf\":{\"@id\":\"https:\\\/\\\/kindertrauer-undmehr.at\\\/#website\"},\"breadcrumb\":{\"@id\":\"https:\\\/\\\/kindertrauer-undmehr.at\\\/index.php\\\/veranstaltungen\\\/#breadcrumblist\"},\"datePublished\":\"2019-04-11T19:03:14+00:00\",\"dateModified\":\"2025-10-13T19:11:27+00:00\"},{\"@type\":\"WebSite\",\"@id\":\"https:\\\/\\\/kindertrauer-undmehr.at\\\/#website\",\"url\":\"https:\\\/\\\/kindertrauer-undmehr.at\\\/\",\"name\":\"Elke Kohl\",\"description\":\"Kinder-Jugend-Familientrauerbegleitung\",\"inLanguage\":\"de-DE\",\"publisher\":{\"@id\":\"https:\\\/\\\/kindertrauer-undmehr.at\\\/#organization\"}}]}\n\t\t<\/script>\n\t\t<!-- All in One SEO -->\n\n","aioseo_head_json":{"title":"Vortr\u00e4ge Trauerbew\u00e4ltigung | Elke Kohl","description":"Als Familientrauerbegleiterin biete ich Unterst\u00fctzungsm\u00f6glichkeiten f\u00fcr Einzelpersonen, die von Trauer betroffen sind und leite Trauergruppen.","canonical_url":"https:\/\/kindertrauer-undmehr.at\/index.php\/veranstaltungen\/","robots":"max-image-preview:large","keywords":"","webmasterTools":{"miscellaneous":""},"schema":{"@context":"https:\/\/schema.org","@graph":[{"@type":"BreadcrumbList","@id":"https:\/\/kindertrauer-undmehr.at\/index.php\/veranstaltungen\/#breadcrumblist","itemListElement":[{"@type":"ListItem","@id":"https:\/\/kindertrauer-undmehr.at#listItem","position":1,"name":"Home","item":"https:\/\/kindertrauer-undmehr.at","nextItem":{"@type":"ListItem","@id":"https:\/\/kindertrauer-undmehr.at\/index.php\/veranstaltungen\/#listItem","name":"Veranstaltungen"}},{"@type":"ListItem","@id":"https:\/\/kindertrauer-undmehr.at\/index.php\/veranstaltungen\/#listItem","position":2,"name":"Veranstaltungen","previousItem":{"@type":"ListItem","@id":"https:\/\/kindertrauer-undmehr.at#listItem","name":"Home"}}]},{"@type":"Organization","@id":"https:\/\/kindertrauer-undmehr.at\/#organization","name":"Elke Kohl","description":"Kinder-Jugend-Familientrauerbegleitung","url":"https:\/\/kindertrauer-undmehr.at\/"},{"@type":"WebPage","@id":"https:\/\/kindertrauer-undmehr.at\/index.php\/veranstaltungen\/#webpage","url":"https:\/\/kindertrauer-undmehr.at\/index.php\/veranstaltungen\/","name":"Vortr\u00e4ge Trauerbew\u00e4ltigung | Elke Kohl","description":"Als Familientrauerbegleiterin biete ich Unterst\u00fctzungsm\u00f6glichkeiten f\u00fcr Einzelpersonen, die von Trauer betroffen sind und leite Trauergruppen.","inLanguage":"de-DE","isPartOf":{"@id":"https:\/\/kindertrauer-undmehr.at\/#website"},"breadcrumb":{"@id":"https:\/\/kindertrauer-undmehr.at\/index.php\/veranstaltungen\/#breadcrumblist"},"datePublished":"2019-04-11T19:03:14+00:00","dateModified":"2025-10-13T19:11:27+00:00"},{"@type":"WebSite","@id":"https:\/\/kindertrauer-undmehr.at\/#website","url":"https:\/\/kindertrauer-undmehr.at\/","name":"Elke Kohl","description":"Kinder-Jugend-Familientrauerbegleitung","inLanguage":"de-DE","publisher":{"@id":"https:\/\/kindertrauer-undmehr.at\/#organization"}}]},"og:locale":"de_DE","og:site_name":"Elke Kohl | Kinder-Jugend-Familientrauerbegleitung","og:type":"article","og:title":"Vortr\u00e4ge Trauerbew\u00e4ltigung | Elke Kohl","og:description":"Als Familientrauerbegleiterin biete ich Unterst\u00fctzungsm\u00f6glichkeiten f\u00fcr Einzelpersonen, die von Trauer betroffen sind und leite Trauergruppen.","og:url":"https:\/\/kindertrauer-undmehr.at\/index.php\/veranstaltungen\/","article:published_time":"2019-04-11T19:03:14+00:00","article:modified_time":"2025-10-13T19:11:27+00:00","twitter:card":"summary","twitter:title":"Vortr\u00e4ge Trauerbew\u00e4ltigung | Elke Kohl","twitter:description":"Als Familientrauerbegleiterin biete ich Unterst\u00fctzungsm\u00f6glichkeiten f\u00fcr Einzelpersonen, die von Trauer betroffen sind und leite Trauergruppen."},"aioseo_meta_data":{"post_id":"3900","title":"Vortr\u00e4ge Trauerbew\u00e4ltigung | #site_title","description":"Als Familientrauerbegleiterin biete ich Unterst\u00fctzungsm\u00f6glichkeiten f\u00fcr Einzelpersonen, die von Trauer betroffen sind und leite Trauergruppen.","keywords":null,"keyphrases":{"focus":{"keyphrase":"","score":0,"analysis":{"keyphraseInTitle":{"score":0,"maxScore":9,"error":1}}},"additional":[]},"primary_term":null,"canonical_url":null,"og_title":null,"og_description":null,"og_object_type":"default","og_image_type":"default","og_image_url":null,"og_image_width":null,"og_image_height":null,"og_image_custom_url":null,"og_image_custom_fields":null,"og_video":"","og_custom_url":null,"og_article_section":null,"og_article_tags":null,"twitter_use_og":false,"twitter_card":"default","twitter_image_type":"default","twitter_image_url":null,"twitter_image_custom_url":null,"twitter_image_custom_fields":null,"twitter_title":null,"twitter_description":null,"schema":{"blockGraphs":[],"customGraphs":[],"default":{"data":{"Article":[],"Course":[],"Dataset":[],"FAQPage":[],"Movie":[],"Person":[],"Product":[],"ProductReview":[],"Car":[],"Recipe":[],"Service":[],"SoftwareApplication":[],"WebPage":{"id":"#aioseo-web-page-64cb8a246c3ee","slug":"web-page","graphName":"WebPage","label":"Web-Seite","properties":{"type":"WebPage","name":"","description":""}}},"graphName":"WebPage","isEnabled":true},"graphs":[]},"schema_type":"default","schema_type_options":"{\"article\":{\"articleType\":\"BlogPosting\"},\"course\":{\"name\":\"\",\"description\":\"\",\"provider\":\"\"},\"faq\":{\"pages\":[]},\"product\":{\"reviews\":[]},\"recipe\":{\"ingredients\":[],\"instructions\":[],\"keywords\":[]},\"software\":{\"reviews\":[],\"operatingSystems\":[]},\"webPage\":{\"webPageType\":\"WebPage\"},\"blockGraphs\":[]}","pillar_content":false,"robots_default":true,"robots_noindex":false,"robots_noarchive":false,"robots_nosnippet":false,"robots_nofollow":false,"robots_noimageindex":false,"robots_noodp":false,"robots_notranslate":false,"robots_max_snippet":"-1","robots_max_videopreview":"-1","robots_max_imagepreview":"large","priority":null,"frequency":"default","local_seo":null,"breadcrumb_settings":null,"limit_modified_date":false,"ai":null,"created":"2021-01-15 06:41:45","updated":"2025-10-13 19:13:48","seo_analyzer_scan_date":null,"focus_keyword":null,"additional_keywords":null,"truseo_locale":null},"aioseo_breadcrumb":"<div class=\"aioseo-breadcrumbs\"><span class=\"aioseo-breadcrumb\">\n\t\t\t<a href=\"https:\/\/kindertrauer-undmehr.at\" title=\"Home\">Home<\/a>\n\t\t<\/span><span class=\"aioseo-breadcrumb-separator\">&raquo;<\/span><span class=\"aioseo-breadcrumb\">\n\t\t\tVeranstaltungen\n\t\t<\/span><\/div>","aioseo_breadcrumb_json":[{"label":"Home","link":"https:\/\/kindertrauer-undmehr.at"},{"label":"Veranstaltungen","link":"https:\/\/kindertrauer-undmehr.at\/index.php\/veranstaltungen\/"}],"_links":{"self":[{"href":"https:\/\/kindertrauer-undmehr.at\/index.php\/wp-json\/wp\/v2\/pages\/3900","targetHints":{"allow":["GET"]}}],"collection":[{"href":"https:\/\/kindertrauer-undmehr.at\/index.php\/wp-json\/wp\/v2\/pages"}],"about":[{"href":"https:\/\/kindertrauer-undmehr.at\/index.php\/wp-json\/wp\/v2\/types\/page"}],"author":[{"embeddable":true,"href":"https:\/\/kindertrauer-undmehr.at\/index.php\/wp-json\/wp\/v2\/users\/1"}],"replies":[{"embeddable":true,"href":"https:\/\/kindertrauer-undmehr.at\/index.php\/wp-json\/wp\/v2\/comments?post=3900"}],"version-history":[{"count":98,"href":"https:\/\/kindertrauer-undmehr.at\/index.php\/wp-json\/wp\/v2\/pages\/3900\/revisions"}],"predecessor-version":[{"id":4942,"href":"https:\/\/kindertrauer-undmehr.at\/index.php\/wp-json\/wp\/v2\/pages\/3900\/revisions\/4942"}],"wp:attachment":[{"href":"https:\/\/kindertrauer-undmehr.at\/index.php\/wp-json\/wp\/v2\/media?parent=3900"}],"curies":[{"name":"wp","href":"https:\/\/api.w.org\/{rel}","templated":true}]}}